{"id":1169,"date":"2021-03-16T11:15:07","date_gmt":"2021-03-16T11:15:07","guid":{"rendered":"https:\/\/entomoteca.web.uma.pt\/?page_id=1169"},"modified":"2022-09-11T10:15:02","modified_gmt":"2022-09-11T10:15:02","slug":"isabel-pena","status":"publish","type":"page","link":"https:\/\/entomoteca.web.uma.pt\/en\/isabel-pena\/","title":{"rendered":"Isabel Pena"},"content":{"rendered":"<div data-elementor-type=\"wp-page\" data-elementor-id=\"1169\" class=\"elementor elementor-1169\">\n\t\t\t\t\t\t<section class=\"elementor-section elementor-top-section elementor-element elementor-element-d76574c elementor-section-boxed elementor-section-height-default elementor-section-height-default\" data-id=\"d76574c\" data-element_type=\"section\">\n\t\t\t\t\t\t<div class=\"elementor-container elementor-column-gap-default\">\n\t\t\t\t\t<div class=\"elementor-column elementor-col-100 elementor-top-column elementor-element elementor-element-a39b8bd\" data-id=\"a39b8bd\" data-element_type=\"column\">\n\t\t\t<div class=\"elementor-widget-wrap elementor-element-populated\">\n\t\t\t\t\t\t<div class=\"elementor-element elementor-element-627e555 elementor-widget elementor-widget-spacer\" data-id=\"627e555\" data-element_type=\"widget\" data-widget_type=\"spacer.default\">\n\t\t\t\t<div class=\"elementor-widget-container\">\n\t\t\t\t\t\t\t<div class=\"elementor-spacer\">\n\t\t\t<div class=\"elementor-spacer-inner\"><\/div>\n\t\t<\/div>\n\t\t\t\t\t\t<\/div>\n\t\t\t\t<\/div>\n\t\t\t\t\t<\/div>\n\t\t<\/div>\n\t\t\t\t\t<\/div>\n\t\t<\/section>\n\t\t\t\t<section class=\"elementor-section elementor-top-section elementor-element elementor-element-84672f2 elementor-section-boxed elementor-section-height-default elementor-section-height-default\" data-id=\"84672f2\" data-element_type=\"section\">\n\t\t\t\t\t\t<div class=\"elementor-container elementor-column-gap-default\">\n\t\t\t\t\t<div class=\"elementor-column elementor-col-33 elementor-top-column elementor-element elementor-element-f864d78\" data-id=\"f864d78\" data-element_type=\"column\">\n\t\t\t<div class=\"elementor-widget-wrap\">\n\t\t\t\t\t\t\t<\/div>\n\t\t<\/div>\n\t\t\t\t<div class=\"elementor-column elementor-col-66 elementor-top-column elementor-element elementor-element-d714495\" data-id=\"d714495\" data-element_type=\"column\">\n\t\t\t<div class=\"elementor-widget-wrap elementor-element-populated\">\n\t\t\t\t\t\t<div class=\"elementor-element elementor-element-2cfcce5 elementor-widget elementor-widget-heading\" data-id=\"2cfcce5\" data-element_type=\"widget\" data-widget_type=\"heading.default\">\n\t\t\t\t<div class=\"elementor-widget-container\">\n\t\t\t\t\t<h2 class=\"elementor-heading-title elementor-size-default\">Isabel Pena<\/h2>\t\t\t\t<\/div>\n\t\t\t\t<\/div>\n\t\t\t\t\t<\/div>\n\t\t<\/div>\n\t\t\t\t\t<\/div>\n\t\t<\/section>\n\t\t\t\t<section class=\"elementor-section elementor-top-section elementor-element elementor-element-7272025 elementor-section-boxed elementor-section-height-default elementor-section-height-default\" data-id=\"7272025\" data-element_type=\"section\">\n\t\t\t\t\t\t<div class=\"elementor-container elementor-column-gap-default\">\n\t\t\t\t\t<div class=\"elementor-column elementor-col-33 elementor-top-column elementor-element elementor-element-a141e25\" data-id=\"a141e25\" data-element_type=\"column\">\n\t\t\t<div class=\"elementor-widget-wrap elementor-element-populated\">\n\t\t\t\t\t\t<div class=\"elementor-element elementor-element-85b9ad1 elementor-widget elementor-widget-image\" data-id=\"85b9ad1\" data-element_type=\"widget\" data-widget_type=\"image.default\">\n\t\t\t\t<div class=\"elementor-widget-container\">\n\t\t\t\t\t\t\t\t\t\t\t\t\t\t\t<img fetchpriority=\"high\" decoding=\"async\" width=\"388\" height=\"500\" src=\"https:\/\/entomoteca.web.uma.pt\/wp-content\/uploads\/2021\/03\/isabem-500.jpg\" class=\"attachment-medium_large size-medium_large wp-image-1095\" alt=\"\" \/>\t\t\t\t\t\t\t\t\t\t\t\t\t\t\t<\/div>\n\t\t\t\t<\/div>\n\t\t\t\t\t<\/div>\n\t\t<\/div>\n\t\t\t\t<div class=\"elementor-column elementor-col-66 elementor-top-column elementor-element elementor-element-ae5482f\" data-id=\"ae5482f\" data-element_type=\"column\">\n\t\t\t<div class=\"elementor-widget-wrap elementor-element-populated\">\n\t\t\t\t\t\t<div class=\"elementor-element elementor-element-4f57bec elementor-widget elementor-widget-text-editor\" data-id=\"4f57bec\" data-element_type=\"widget\" data-widget_type=\"text-editor.default\">\n\t\t\t\t<div class=\"elementor-widget-container\">\n\t\t\t\t\t\t\t\t\t<p><strong>Professora Auxiliar aposentada<\/strong><\/p><p>Isabel Pena dedicou-se a estudos entomol\u00f3gicos ligados a sistem\u00e1tica, biologia, ecologia e epidemiologias dos Culicoides (Diptera, Ceratopogonidae). Os seus trabalhos desenvolveram-se nas Regi\u00f5es Aut\u00f3nomas dos A\u00e7ores e Madeira, em Portugal Continental e em Marrocos.\u00a0<\/p><p>A sua atividade cient\u00edfica esteve relacionada com o estudo dos vetores da peste equina africana que realizou em colabora\u00e7\u00e3o com diversas institui\u00e7\u00f5es tanto nacionais como estrangeiras, destacando-se: o Instituto de Higiene e Medicina Tropical da Universidade T\u00e9cnica de Lisboa; a Facult\u00e9 de M\u00e9decine de Strasbourg em Fran\u00e7a; a Facult\u00e9 des Sciences et T\u00e9chniques de Montpellier II em Fran\u00e7a; o Institute for Animal Health, Pirbright Laboratory e University of Aberdeen no Reino Unido; o Laboratoire d\u2019Analyses et Recherches Veterinaires d\u2019Agadir em Marrocos e o Instituto Nacional de Investigaciones Agrarias (INIA) em Espanha.<\/p>\t\t\t\t\t\t\t\t<\/div>\n\t\t\t\t<\/div>\n\t\t\t\t\t<\/div>\n\t\t<\/div>\n\t\t\t\t\t<\/div>\n\t\t<\/section>\n\t\t\t\t<section class=\"elementor-section elementor-top-section elementor-element elementor-element-2bcb37c elementor-section-boxed elementor-section-height-default elementor-section-height-default\" data-id=\"2bcb37c\" data-element_type=\"section\">\n\t\t\t\t\t\t<div class=\"elementor-container elementor-column-gap-default\">\n\t\t\t\t\t<div class=\"elementor-column elementor-col-100 elementor-top-column elementor-element elementor-element-6b04478\" data-id=\"6b04478\" data-element_type=\"column\">\n\t\t\t<div class=\"elementor-widget-wrap elementor-element-populated\">\n\t\t\t\t\t\t<div class=\"elementor-element elementor-element-0b30de9 elementor-widget elementor-widget-heading\" data-id=\"0b30de9\" data-element_type=\"widget\" data-widget_type=\"heading.default\">\n\t\t\t\t<div class=\"elementor-widget-container\">\n\t\t\t\t\t<h2 class=\"elementor-heading-title elementor-size-default\">Projects<\/h2>\t\t\t\t<\/div>\n\t\t\t\t<\/div>\n\t\t\t\t<div class=\"elementor-element elementor-element-8c90e7d elementor-widget elementor-widget-accordion\" data-id=\"8c90e7d\" data-element_type=\"widget\" data-widget_type=\"accordion.default\">\n\t\t\t\t<div class=\"elementor-widget-container\">\n\t\t\t\t\t\t\t<div class=\"elementor-accordion\">\n\t\t\t\t\t\t\t<div class=\"elementor-accordion-item\">\n\t\t\t\t\t<div id=\"elementor-tab-title-1471\" class=\"elementor-tab-title\" data-tab=\"1\" role=\"button\" aria-controls=\"elementor-tab-content-1471\" aria-expanded=\"false\">\n\t\t\t\t\t\t\t\t\t\t\t\t\t<span class=\"elementor-accordion-icon elementor-accordion-icon-right\" aria-hidden=\"true\">\n\t\t\t\t\t\t\t\t\t\t\t\t\t\t\t<span class=\"elementor-accordion-icon-closed\"><i class=\"fas fa-chevron-down\"><\/i><\/span>\n\t\t\t\t\t\t\t\t<span class=\"elementor-accordion-icon-opened\"><i class=\"fas fa-chevron-up\"><\/i><\/span>\n\t\t\t\t\t\t\t\t\t\t\t\t\t\t<\/span>\n\t\t\t\t\t\t\t\t\t\t\t\t<a class=\"elementor-accordion-title\" tabindex=\"0\">\u201cAfrican Horse Sickness Virus in Europe\u201d<\/a>\n\t\t\t\t\t<\/div>\n\t\t\t\t\t<div id=\"elementor-tab-content-1471\" class=\"elementor-tab-content elementor-clearfix\" data-tab=\"1\" role=\"region\" aria-labelledby=\"elementor-tab-title-1471\"><p><strong>Projecto da C.E.E. contrato n.\u00ba 8001 \u2013 CT 91 \u2013 0211, intitulado \u201cAfrican Horse Sickness Virus in Europe\u201d, 1992\/1995.<\/strong><\/p>\n<p><b><u>Resumo<\/u><\/b>:<\/p>\n<p>A doen\u00e7a equina africana (AHS) \u00e9 uma doen\u00e7a viral infeciosa n\u00e3o contagiosa dos equinos, transmitida por artr\u00f3podes. Os seus efeitos podem ser devastadores com taxas de mortalidade acima de 90%. Em 1987, o v\u00edrus entrou na Europa (Pen\u00ednsula Ib\u00e9rica) e persistiu por pelo menos quatro anos antes de se espalhar para Marrocos. Este projeto foi concebido para combater a amea\u00e7a para a ind\u00fastria pecu\u00e1ria europeia. Os resultados mostraram que o v\u00edrus sobrevive por longos per\u00edodos a baixas temperaturas (menos de 10\u00ba C) em vetores cuja vida \u00fatil \u00e9 prolongada nessas temperaturas. Modelos matem\u00e1ticos foram desenvolvidos para abordar aspetos da epidemiologia da peste equina. O projeto envolveu duas abordagens principais. O primeiro era desenvolver novos e aprimorados testes para o diagn\u00f3stico da peste equina africana para detectar casos &#8220;precoces&#8221; da doen\u00e7a. O segundo foi fornecer informa\u00e7\u00f5es detalhadas sobre os vetores Culicoides do v\u00edrus AHS na Pen\u00ednsula Ib\u00e9rica em termos das esp\u00e9cies envolvidas, sua distribui\u00e7\u00e3o, densidades populacionais, taxas de sobreviv\u00eancia, incid\u00eancia sazonal e capacidade do vetor em rela\u00e7\u00e3o \u00e0s condi\u00e7\u00f5es clim\u00e1ticas prevalecentes. A partir dessas informa\u00e7\u00f5es, foram desenvolvidos modelos para avaliar o risco de AHS com base nas condi\u00e7\u00f5es clim\u00e1ticas. Os resultados s\u00e3o tamb\u00e9m importantes para a identifica\u00e7\u00e3o e controlo de outras doen\u00e7as Orbivirus ainda mais prejudiciais de bovinos, veados e ovinos (febre catarral ovina, doen\u00e7a hemorr\u00e1gica epizo\u00f3tica) que amea\u00e7am o gado da Comunidade.<\/p>\n<p><\/p>\n<p><b><u>Website:<\/u><\/b><\/p>\n<p><a href=\"https:\/\/cordis.europa.eu\/project\/id\/80010211\/es\" target=\"_blank\" rel=\"noopener\">https:\/\/cordis.europa.eu\/project\/id\/80010211\/es<\/a><\/p><\/div>\n\t\t\t\t<\/div>\n\t\t\t\t\t\t\t<div class=\"elementor-accordion-item\">\n\t\t\t\t\t<div id=\"elementor-tab-title-1472\" class=\"elementor-tab-title\" data-tab=\"2\" role=\"button\" aria-controls=\"elementor-tab-content-1472\" aria-expanded=\"false\">\n\t\t\t\t\t\t\t\t\t\t\t\t\t<span class=\"elementor-accordion-icon elementor-accordion-icon-right\" aria-hidden=\"true\">\n\t\t\t\t\t\t\t\t\t\t\t\t\t\t\t<span class=\"elementor-accordion-icon-closed\"><i class=\"fas fa-chevron-down\"><\/i><\/span>\n\t\t\t\t\t\t\t\t<span class=\"elementor-accordion-icon-opened\"><i class=\"fas fa-chevron-up\"><\/i><\/span>\n\t\t\t\t\t\t\t\t\t\t\t\t\t\t<\/span>\n\t\t\t\t\t\t\t\t\t\t\t\t<a class=\"elementor-accordion-title\" tabindex=\"0\">\u201cThe African Horse Sickness Virus in Morocco\u201d<\/a>\n\t\t\t\t\t<\/div>\n\t\t\t\t\t<div id=\"elementor-tab-content-1472\" class=\"elementor-tab-content elementor-clearfix\" data-tab=\"2\" role=\"region\" aria-labelledby=\"elementor-tab-title-1472\"><p><b>Projecto de Estudo sobre os vectores e a epidemiologia da Peste Equina Africana, em Marrocos, subsidiado pela C.E.E., contrato n.\u00ba TS3 \u2013 CT 92 \u2013 0151 e intitulado \u201cThe African Horse Sickness Virus in Morocco\u201d, 1992\/1996<\/b><\/p>\n<p><\/p>\n<p><b><u>Resumo:<\/u><\/b><\/p>\n<p style=\"line-height: var(--wp--typography--line-height, --global--line-height-body);\">Este projeto foi elaborado para compreender os fatores de controlo epidemiol\u00f3gico envolvidos na persist\u00eancia do v\u00edrus da doen\u00e7a equina africana (AHSV) em Marrocos. Os principais objetivos foram identificar os principais insetos vetores e fornecer informa\u00e7\u00f5es detalhadas sobre a sua distribui\u00e7\u00e3o, incid\u00eancia sazonal e densidades populacionais; esclarecer o papel dos equinos vacinados e n\u00e3o equinos na manuten\u00e7\u00e3o do v\u00edrus; avaliar a estabilidade da vacina contra o v\u00edrus da peste su\u00edna africana em uso no Marrocos; investigar as condi\u00e7\u00f5es ambientais (particularmente temperatura) necess\u00e1rias para que a virg\u00eanese do AHSV ocorra em vetores de insetos e desenvolver modelos epidemiol\u00f3gicos apropriados para a doen\u00e7a equina africana.<\/p>\n<p style=\"line-height: var(--wp--typography--line-height, --global--line-height-body);\">As principais conclus\u00f5es s\u00e3o que&nbsp;<em>Culicoides imicola<\/em>&nbsp;\u00e9 muito difundida em Marrocos e \u00e9 provavelmente o \u00fanico vetor importante de AHSV. Um modelo de simula\u00e7\u00e3o foi desenvolvido para investigar quais fatores afetam a probabilidade de uma epizootia ap\u00f3s a introdu\u00e7\u00e3o de AHSV em uma \u00e1rea. Previu-se que as epizootias ser\u00e3o mais prov\u00e1veis de ocorrer no final do ver\u00e3o ou outono e que, se medidas de controle n\u00e3o fossem tomadas, a maioria dos cavalos se infetaria com o v\u00edrus ap\u00f3s a introdu\u00e7\u00e3o. O modelo tamb\u00e9m previu uma preval\u00eancia muito baixa de mosquitos infetados, mesmo no pico de uma epizootia. O tamanho da popula\u00e7\u00e3o de mosquitos, a taxa de recupera\u00e7\u00e3o em cavalos e a \u00e9poca do ano em que o v\u00edrus foi introduzido foram os fatores mais importantes para determinar se ocorre ou n\u00e3o uma epizootia de AHS. No que diz respeito \u00e0s estrat\u00e9gias de vacina\u00e7\u00e3o, proteger os burros, bem como os cavalos, aumentou significativamente a efic\u00e1cia da vacina\u00e7\u00e3o. A prote\u00e7\u00e3o ap\u00f3s a introdu\u00e7\u00e3o do v\u00edrus raramente tinha sucesso na preven\u00e7\u00e3o de surtos, embora reduzisse sua gravidade. Equinos que n\u00e3o s\u00e3o cavalos podem desenvolver uma viremia que pode se estender muito al\u00e9m da dura\u00e7\u00e3o esperada em cavalos. Assim, esses animais podem fornecer uma fonte secreta de v\u00edrus para insetos vetores no campo.<\/p>\n<p style=\"line-height: var(--wp--typography--line-height, --global--line-height-body);\"><b><u>Website:<\/u><\/b><\/p>\n<p style=\"line-height: var(--wp--typography--line-height, --global--line-height-body);\"><a href=\"https:\/\/cordis.europa.eu\/project\/id\/TS3*920151\" target=\"_blank\" rel=\"noopener\">https:\/\/cordis.europa.eu\/project\/id\/TS3*920151<\/a><\/p>\n<p style=\"line-height: var(--wp--typography--line-height, --global--line-height-body);\">\n<\/p><\/div>\n\t\t\t\t<\/div>\n\t\t\t\t\t\t\t<div class=\"elementor-accordion-item\">\n\t\t\t\t\t<div id=\"elementor-tab-title-1473\" class=\"elementor-tab-title\" data-tab=\"3\" role=\"button\" aria-controls=\"elementor-tab-content-1473\" aria-expanded=\"false\">\n\t\t\t\t\t\t\t\t\t\t\t\t\t<span class=\"elementor-accordion-icon elementor-accordion-icon-right\" aria-hidden=\"true\">\n\t\t\t\t\t\t\t\t\t\t\t\t\t\t\t<span class=\"elementor-accordion-icon-closed\"><i class=\"fas fa-chevron-down\"><\/i><\/span>\n\t\t\t\t\t\t\t\t<span class=\"elementor-accordion-icon-opened\"><i class=\"fas fa-chevron-up\"><\/i><\/span>\n\t\t\t\t\t\t\t\t\t\t\t\t\t\t<\/span>\n\t\t\t\t\t\t\t\t\t\t\t\t<a class=\"elementor-accordion-title\" tabindex=\"0\">\u201cBluetongue & other Culicoides \u2013 borne diseases threatening the EU\u201d<\/a>\n\t\t\t\t\t<\/div>\n\t\t\t\t\t<div id=\"elementor-tab-content-1473\" class=\"elementor-tab-content elementor-clearfix\" data-tab=\"3\" role=\"region\" aria-labelledby=\"elementor-tab-title-1473\"><p><strong>Projecto da C.E.E., contrato n.\u00ba 1999\/C 64\/14, intitulado: \u201cBluetongue &amp;other Culicoides \u2013 borne diseases threatening the EU\u201d<\/strong><\/p>\n<p><b><u>Resumo:<\/u><\/b><\/p>\n<p>O v\u00edrus da L\u00edngua Azul (BTV) e outros v\u00edrus s\u00e3o transmitidos por culic\u00eddeos e t\u00eam uma hist\u00f3ria de incurs\u00f5es na UE em intervalos imprevis\u00edveis, causando doen\u00e7as graves e perdas econ\u00f4micas para a ind\u00fastria pecu\u00e1ria. Hoje, o BTV est\u00e1 presente em grande parte do sudeste da Europa. Este projeto combinou tecnologias novas e estabelecidas, incluindo estudos de campo, imagens de sat\u00e9lite, modelagem e mapeamento GIS e o desenvolvimento de marcadores nucleares de \u00edntron \/ mtDNA para vetores. Os resultados permitiram identificar as \u00e1reas de risco da UE e dos pa\u00edses vizinhos, o n\u00edvel de risco e os anos em que as epizootias s\u00e3o mais prov\u00e1veis. Al\u00e9m disso, foram identificadas as regi\u00f5es para as quais os surtos podem se espalhar ou s\u00e3o consideradas livres de risco agora e no futuro. Os resultados s\u00e3o aplic\u00e1veis em qualquer lugar e em \u00e1reas adjacentes e permitem reduzir ou prevenir significativamente as perdas por doen\u00e7as virais transmitidas por culic\u00eddeos, facilitando a aplica\u00e7\u00e3o de estrat\u00e9gias de controle e erradica\u00e7\u00e3o eficazes, precisas e oportunas.<\/p>\n<p><b><u>Website:<\/u><\/b><\/p>\n<p><a href=\"https:\/\/cordis.europa.eu\/project\/id\/QLK2-CT-2000-00611\" target=\"_blank\" rel=\"noopener\">https:\/\/cordis.europa.eu\/project\/id\/QLK2-CT-2000-00611<\/a><\/p><\/div>\n\t\t\t\t<\/div>\n\t\t\t\t\t\t\t\t<\/div>\n\t\t\t\t\t\t<\/div>\n\t\t\t\t<\/div>\n\t\t\t\t\t<\/div>\n\t\t<\/div>\n\t\t\t\t\t<\/div>\n\t\t<\/section>\n\t\t\t\t<section class=\"elementor-section elementor-top-section elementor-element elementor-element-123e713 elementor-section-boxed elementor-section-height-default elementor-section-height-default\" data-id=\"123e713\" data-element_type=\"section\">\n\t\t\t\t\t\t<div class=\"elementor-container elementor-column-gap-default\">\n\t\t\t\t\t<div class=\"elementor-column elementor-col-100 elementor-top-column elementor-element elementor-element-25da28d\" data-id=\"25da28d\" data-element_type=\"column\">\n\t\t\t<div class=\"elementor-widget-wrap elementor-element-populated\">\n\t\t\t\t\t\t<div class=\"elementor-element elementor-element-730ed8d elementor-widget elementor-widget-heading\" data-id=\"730ed8d\" data-element_type=\"widget\" data-widget_type=\"heading.default\">\n\t\t\t\t<div class=\"elementor-widget-container\">\n\t\t\t\t\t<h2 class=\"elementor-heading-title elementor-size-default\">Articles<\/h2>\t\t\t\t<\/div>\n\t\t\t\t<\/div>\n\t\t\t\t<div class=\"elementor-element elementor-element-fa901d9 elementor-widget elementor-widget-text-editor\" data-id=\"fa901d9\" data-element_type=\"widget\" data-widget_type=\"text-editor.default\">\n\t\t\t\t<div class=\"elementor-widget-container\">\n\t\t\t\t\t\t\t\t\t<ol><li>Capela, R., Pena, I., &amp; Kremer, M. (1992). Contribution to the knowledge of Culicoides (Diptera, Ceratopogonidae) existing in Portugal.\u00a0Boletim da Sociedade Portuguesa de Entomologia, (Suplemento No. 3, Vol. II), 381-386.<\/li><li>Capela, R., Sousa, C., Pena, I., &amp; Caeiro, V. (1993). Preliminary note on the distribution and ecology of Culicoides imicola in Portugal.\u00a0Medical and Veterinary Entomology,\u00a07(1), 23-26.<\/li><li>Capela, R., Pena, I. &amp; Kremer, M. (1997). Les Culicoides (Diptera Ceratopogonidae) de l\u2019Archipel de Mad\u00e9re.\u00a0Boletim da Sociedade Portuguesa de Entomologia (suplemento No. 29, Vol. VI), 379-399.<\/li><li>Alves-Pires, C., Capela, R. A., &amp; Pena, I. (1997). Os Fleb\u00f3tomos do Portugal. IX-Presen\u00e7a do Sergentomyia minuta (Rond., 1843) na Selvagem grande (Madeira).\u00a0Bol Soc Port Entomol,\u00a0178, 389-95.<\/li><li>Capela, R. &amp; Pena, I. (1997). Vectores of African Horse Sickness Virus in Guinea-Bissau.\u00a0Boletim da Sociedade Portuguesa de Entomologia (suplemento No. 27, Vol. VI), 381-384.<\/li><li>Rawlings, P., PRO, M. J., Pena, I., ORTEGA, M. D., &amp; Capela, R. (1997). Spatial and seasonal distribution of Culicoides imicola in Iberia in relation to the transmission of African horse sickness virus.\u00a0Medical and veterinary entomology,\u00a011(1), 49-57.<\/li><li>Rawlings, P., Capela, R., Pro, M. J., Ortega, M. D., Pena, I., Rubio, C., &#8230; &amp; Mellor, P. S. (1998). The relationship between climate and the distribution of Culicoides imicola in Iberia. In\u00a0African Horse Sickness(pp. 93-102). Springer, Vienna.<\/li><li>Tatem, A. J., Baylis, M., Mellor, P. S., Purse, B. V., Capela, R., Pena, I., &amp; Rogers, D. J. (2003). Prediction of bluetongue vector distribution in Europe and north Africa using satellite imagery.\u00a0Veterinary Microbiology,\u00a097(1-2), 13-29.<\/li><li>Dallas, J. F., Cruickshank, R. H., Linton, Y. M., Nolan, D. V., Patakakis, M., Braverman, Y., &#8230; &amp; Mordue, A. J. (2003). Phylogenetic status and matrilineal structure of the biting midge, Culicoides imicola, in Portugal, Rhodes and Israel.\u00a0Medical and Veterinary Entomology,\u00a017(4), 379-387.<\/li><li>Capela, R., Purse, B. V., Pena, I., Wittman, E. J., Margarita, Y., Capela, M., &#8230; &amp; Baylis, M. (2003). Spatial distribution of Culicoides species in Portugal in relation to the transmission of African horse sickness and bluetongue viruses.\u00a0Medical and Veterinary Entomology,\u00a017(2), 165-177.<\/li><\/ol>\t\t\t\t\t\t\t\t<\/div>\n\t\t\t\t<\/div>\n\t\t\t\t\t<\/div>\n\t\t<\/div>\n\t\t\t\t\t<\/div>\n\t\t<\/section>\n\t\t\t\t<section class=\"elementor-section elementor-top-section elementor-element elementor-element-6b30001 elementor-section-boxed elementor-section-height-default elementor-section-height-default\" data-id=\"6b30001\" data-element_type=\"section\">\n\t\t\t\t\t\t<div class=\"elementor-container elementor-column-gap-default\">\n\t\t\t\t\t<div class=\"elementor-column elementor-col-100 elementor-top-column elementor-element elementor-element-5f5b021\" data-id=\"5f5b021\" data-element_type=\"column\">\n\t\t\t<div class=\"elementor-widget-wrap elementor-element-populated\">\n\t\t\t\t\t\t<div class=\"elementor-element elementor-element-ee7339b elementor-align-center elementor-widget elementor-widget-button\" data-id=\"ee7339b\" data-element_type=\"widget\" data-widget_type=\"button.default\">\n\t\t\t\t<div class=\"elementor-widget-container\">\n\t\t\t\t\t\t\t\t\t<div class=\"elementor-button-wrapper\">\n\t\t\t\t\t<a class=\"elementor-button elementor-button-link elementor-size-sm\" href=\"https:\/\/entomoteca.web.uma.pt\/en\/colecao-de-insetos-com-interesse-medico-e-veterinario\/\">\n\t\t\t\t\t\t<span class=\"elementor-button-content-wrapper\">\n\t\t\t\t\t\t\t\t\t<span class=\"elementor-button-text\">Back<\/span>\n\t\t\t\t\t<\/span>\n\t\t\t\t\t<\/a>\n\t\t\t\t<\/div>\n\t\t\t\t\t\t\t\t<\/div>\n\t\t\t\t<\/div>\n\t\t\t\t\t<\/div>\n\t\t<\/div>\n\t\t\t\t\t<\/div>\n\t\t<\/section>\n\t\t\t\t<\/div>","protected":false},"excerpt":{"rendered":"<p>Isabel Pena Professora Auxiliar aposentada Isabel Pena dedicou-se a estudos entomol\u00f3gicos ligados a sistem\u00e1tica, biologia, ecologia e epidemiologias dos Culicoides (Diptera, Ceratopogonidae). Os seus trabalhos desenvolveram-se nas Regi\u00f5es Aut\u00f3nomas dos A\u00e7ores e Madeira, em Portugal Continental e em Marrocos.\u00a0 A sua atividade cient\u00edfica esteve relacionada com o estudo dos vetores da peste equina africana que &hellip;<\/p>\n<p class=\"read-more\"> <a class=\"\" href=\"https:\/\/entomoteca.web.uma.pt\/en\/isabel-pena\/\"> <span class=\"screen-reader-text\">Isabel Pena<\/span> Read More &raquo;<\/a><\/p>","protected":false},"author":1,"featured_media":0,"parent":0,"menu_order":0,"comment_status":"closed","ping_status":"closed","template":"","meta":{"_eb_attr":"","site-sidebar-layout":"default","site-content-layout":"default","ast-global-header-display":"","ast-main-header-display":"","ast-hfb-above-header-display":"","ast-hfb-below-header-display":"","ast-hfb-mobile-header-display":"","site-post-title":"","ast-breadcrumbs-content":"","ast-featured-img":"","footer-sml-layout":"","theme-transparent-header-meta":"","adv-header-id-meta":"","stick-header-meta":"","header-above-stick-meta":"","header-main-stick-meta":"","header-below-stick-meta":"","footnotes":""},"class_list":["post-1169","page","type-page","status-publish","hentry"],"_links":{"self":[{"href":"https:\/\/entomoteca.web.uma.pt\/en\/wp-json\/wp\/v2\/pages\/1169","targetHints":{"allow":["GET"]}}],"collection":[{"href":"https:\/\/entomoteca.web.uma.pt\/en\/wp-json\/wp\/v2\/pages"}],"about":[{"href":"https:\/\/entomoteca.web.uma.pt\/en\/wp-json\/wp\/v2\/types\/page"}],"author":[{"embeddable":true,"href":"https:\/\/entomoteca.web.uma.pt\/en\/wp-json\/wp\/v2\/users\/1"}],"replies":[{"embeddable":true,"href":"https:\/\/entomoteca.web.uma.pt\/en\/wp-json\/wp\/v2\/comments?post=1169"}],"version-history":[{"count":52,"href":"https:\/\/entomoteca.web.uma.pt\/en\/wp-json\/wp\/v2\/pages\/1169\/revisions"}],"predecessor-version":[{"id":2677,"href":"https:\/\/entomoteca.web.uma.pt\/en\/wp-json\/wp\/v2\/pages\/1169\/revisions\/2677"}],"wp:attachment":[{"href":"https:\/\/entomoteca.web.uma.pt\/en\/wp-json\/wp\/v2\/media?parent=1169"}],"curies":[{"name":"wp","href":"https:\/\/api.w.org\/{rel}","templated":true}]}}